{"id":369,"date":"2018-12-09T13:34:31","date_gmt":"2018-12-09T12:34:31","guid":{"rendered":"http:\/\/www.hallo-wippingen.de\/wp\/?page_id=369"},"modified":"2026-02-20T19:57:07","modified_gmt":"2026-02-20T18:57:07","slug":"plattdeutsch","status":"publish","type":"page","link":"https:\/\/www.hallo-wippingen.de\/wp\/plattdeutsch\/","title":{"rendered":"Plattdeutsch"},"content":{"rendered":"<p>In dieser Rubrik sollen fortlaufend Artikel zur plattdeutschen Sprache erscheinen.<\/p>\n<p><a href=\"https:\/\/www.hallo-wippingen.de\/wp\/wp-content\/uploads\/2022\/11\/PlattdeutschesWoerterbuch_2022.pdf\">W\u00f6rterbuch Wippinger Platt &#8211; Hochdeutsch, von Bernd Kuper<\/a>, 11\/2022<\/p>\n<p>Von Hyazinth Sievering:<\/p>\n<p><a href=\"http:\/\/www.hallo-wippingen.de\/dorfinfo\/plattdeutsch\/plattdeutsch01.html\">Plattdeutsch &#8211; Die Sprache<\/a><\/p>\n<p><a href=\"http:\/\/www.hallo-wippingen.de\/dorfinfo\/plattdeutsch\/plattdeutsch02.html\">Plattdeutsch &#8211; Kipp-Kapp-K\u00f6gel<\/a><\/p>\n<p><a href=\"http:\/\/www.hallo-wippingen.de\/_news\/2011\/12\/plattdeutsch\/index.html\">Wenn die G\u00f6tter ihre Tage haben, Teil 1<\/a>,\u00a0\u00a0 (\u00fcber hochdeutsche Lehnw\u00f6rter im Plattdeutschen, am Beispiel der Wochentage)<\/p>\n<p><a href=\"http:\/\/www.hallo-wippingen.de\/_news\/2012\/03\/plattdeutsch\/index.html\">Wenn die G\u00f6tter ihre Tage haben, Teil 2<\/a>,\u00a0\u00a0 (\u00fcber die namengebenden G\u00f6tter f\u00fcr die Wochentage)<\/p>\n<p><a href=\"http:\/\/www.hallo-wippingen.de\/_news\/2013\/06\/platt\/SnackersundProters.pdf\">Von Schnackern und Protern<\/a>,\u00a0\u00a0 (\u00fcber Parallelen im Plattdeutschen mit den skandinavischen Sprachen)<\/p>\n<p><a href=\"http:\/\/www.hallo-wippingen.de\/_news\/2013\/08\/platt\/index.html\">Lesung \u00fcber die Zukunft der Regionalsprache in Twente<\/a>,\u00a0\u00a0 (Ins Deutsche \u00fcbertragen und anpasst an die Verh\u00e4ltnisse im Emsland, August 2013<br \/>mit freundlicher Genehmigung von Bert Groothengel, Hengelo (NL))<\/p>\n<p><a href=\"http:\/\/www.hallo-wippingen.de\/_news\/2013\/09\/platt\/index.html\">Die &#8222;Emsl\u00e4ndische Grammatik&#8220; von Hermann Sch\u00f6nhoff von 1908<\/a><br \/>\u00fcber die Arbeit des M\u00fcnsteraner Linguisten Hermann Sch\u00f6nhoff \u00fcber die emsl\u00e4ndische Variante der plattdeutschen Sprache. Dadurch, dass alle Begriffe und Texte in Lautschrift<br \/>wiedergegeben werden, hat Sch\u00f6nhoff die plattdeutsche Sprechweise der Emsl\u00e4nder zu Kaiser Wilhelms Zeiten f\u00fcr uns konserviert.<\/p>\n<p><a href=\"http:\/\/www.hallo-wippingen.de\/_news\/2013\/12\/platt\/StillePost-12_2013.pdf\" target=\"_blank\" rel=\"noopener\">&#8222;Stille Post&#8220; <\/a><br \/>Die plattdeutsche Sprache wird nur m\u00fcndlich weitergegeben. Hyazinth Sievering vergleicht dieses Sprachelernen mit dem Spiel &#8222;Stille Post&#8220; und zeigt uns an einigen Beispielen,<br \/>wie es von Generation zu Generation zu Ver\u00e4nderungen kommt.<\/p>\n<p><a href=\"http:\/\/www.hallo-wippingen.de\/_news\/2014\/06\/platt\/Orwell1984-Zintus_06_2014.pdf\" target=\"_blank\" rel=\"noopener\">Orwells 1984<\/a><br \/>\u00dcber den Bedeutungsverlust von einzelnen W\u00f6rtern und Begriffen. Im Roman wird dar\u00fcber reflektiert, durch die Eliminierung von Begriffen auch die damit verbundenen Denkmuster und Vorstellungen abzuschaffen.<br \/>Der Verlust von W\u00f6rtern im Plattdeutschen f\u00fchrt nach Zintus&#8216; Meinung auch zum Verlust von Vorstellungen, wie wir unser Leben organisieren.<\/p>\n<p><a href=\"https:\/\/www.hallo-wippingen.de\/wp\/wp-content\/uploads\/2026\/02\/Knueppelfreitag_Zintus_20_02_2026.pdf\" target=\"_blank\" rel=\"noopener\">Kn\u00fcppelfreitag<\/a><br \/>Zum Internationalen Tag der Muttersprache am 21. Februar 2026 besch\u00e4ftigt sich Sievering mit der niederl\u00e4ndischen Provinz Friesland, oder Frysl\u00e2n, wie sie mittlerweile offiziell hei\u00dft.<\/p>\n\n\n<p><\/p>\n","protected":false},"excerpt":{"rendered":"<p>In dieser Rubrik sollen fortlaufend Artikel zur plattdeutschen Sprache erscheinen. W\u00f6rterbuch Wippinger Platt &#8211; Hochdeutsch, von Bernd Kuper, 11\/2022 Von Hyazinth Sievering: Plattdeutsch &#8211; Die Sprache Plattdeutsch &#8211; Kipp-Kapp-K\u00f6gel Wenn die G\u00f6tter ihre Tage haben, Teil 1,\u00a0\u00a0 (\u00fcber hochdeutsche Lehnw\u00f6rter im Plattdeutschen, am Beispiel der Wochentage) Wenn die G\u00f6tter ihre Tage haben, Teil 2,\u00a0\u00a0 (\u00fcber [&hellip;]<\/p>\n","protected":false},"author":1,"featured_media":0,"parent":0,"menu_order":0,"comment_status":"closed","ping_status":"closed","template":"","meta":[],"_links":{"self":[{"href":"https:\/\/www.hallo-wippingen.de\/wp\/wp-json\/wp\/v2\/pages\/369"}],"collection":[{"href":"https:\/\/www.hallo-wippingen.de\/wp\/wp-json\/wp\/v2\/pages"}],"about":[{"href":"https:\/\/www.hallo-wippingen.de\/wp\/wp-json\/wp\/v2\/types\/page"}],"author":[{"embeddable":true,"href":"https:\/\/www.hallo-wippingen.de\/wp\/wp-json\/wp\/v2\/users\/1"}],"replies":[{"embeddable":true,"href":"https:\/\/www.hallo-wippingen.de\/wp\/wp-json\/wp\/v2\/comments?post=369"}],"version-history":[{"count":5,"href":"https:\/\/www.hallo-wippingen.de\/wp\/wp-json\/wp\/v2\/pages\/369\/revisions"}],"predecessor-version":[{"id":24318,"href":"https:\/\/www.hallo-wippingen.de\/wp\/wp-json\/wp\/v2\/pages\/369\/revisions\/24318"}],"wp:attachment":[{"href":"https:\/\/www.hallo-wippingen.de\/wp\/wp-json\/wp\/v2\/media?parent=369"}],"curies":[{"name":"wp","href":"https:\/\/api.w.org\/{rel}","templated":true}]}}